{"id":1010,"date":"2026-09-05T12:36:25","date_gmt":"2026-09-05T10:36:25","guid":{"rendered":"https:\/\/www.cieleszevadees.com\/?page_id=1010"},"modified":"2026-09-05T12:48:32","modified_gmt":"2026-09-05T10:48:32","slug":"felees","status":"publish","type":"page","link":"https:\/\/www.cieleszevadees.com\/index.php\/spectacles-2\/felees\/","title":{"rendered":"F\u00eal\u00e9es"},"content":{"rendered":"\n<p class=\"wp-block-paragraph\"><\/p>\n\n\n\n<p class=\"has-system-font-font-family wp-block-paragraph\">Pi\u00e8ce en cours de cr\u00e9ation&#8230; <\/p>\n\n\n\n<div style=\"height:44px\" aria-hidden=\"true\" class=\"wp-block-spacer\"><\/div>\n\n\n\n<p class=\"has-system-font-font-family wp-block-paragraph\" style=\"font-style:normal;font-weight:500\"><em>F\u00eal\u00e9es est un spectacle chor\u00e9graphique librement inspir\u00e9 du roman \u00ab Le bal des folles \u00bb de Victoria Mas paru en 2019.<\/em><\/p>\n\n\n\n<div style=\"height:33px\" aria-hidden=\"true\" class=\"wp-block-spacer\"><\/div>\n\n\n\n<p class=\"has-text-align-center has-system-font-font-family wp-block-paragraph\" style=\"font-style:normal;font-weight:500\"><em>Au plateau : trois danseuses et un musicien, contrebassiste et musique \u00e9lectronique.<\/em><\/p>\n\n\n\n<div style=\"height:59px\" aria-hidden=\"true\" class=\"wp-block-spacer\"><\/div>\n\n\n\n<p class=\"has-text-align-center has-system-font-font-family wp-block-paragraph\" style=\"font-style:normal;font-weight:300\">Le roman \u00ab Le bal des folles \u00bb met en sc\u00e8ne deux protagonistes principales, Eug\u00e9nie et Genevi\u00e8ve, au sein de l&rsquo;h\u00f4pital de la Salp\u00eatri\u00e8re \u00e0 la fin du 19e si\u00e8cle. La premi\u00e8re y est intern\u00e9e, la seconde infirmi\u00e8re. On y croise aussi d&rsquo;autres femmes enferm\u00e9es dans cette institution, o\u00f9 le c\u00e9l\u00e8bre neurologue Charcot r\u00e8gne en ma\u00eetre et exp\u00e9rimente ses m\u00e9thodes de soin. Le point d&rsquo;orgue du roman est le fameux bal de la mi car\u00eame, o\u00f9 les \u00ab folles \u00bb d\u00e9guis\u00e9es pour l&rsquo;occasion seront propuls\u00e9es comme des b\u00eates de foire dans un simulacre d&rsquo;\u00e9v\u00e8nement mondain o\u00f9 le tout Paris en qu\u00eate de sensations fortes vient en r\u00e9alit\u00e9 les \u00e9pier.<\/p>\n\n\n\n<div style=\"height:50px\" aria-hidden=\"true\" class=\"wp-block-spacer\"><\/div>\n\n\n\n<p class=\"has-text-align-center has-system-font-font-family wp-block-paragraph\" style=\"font-style:normal;font-weight:300\">Le spectacle ne suivra pas la dramaturgie du roman, cependant il s&rsquo;inspirera des arch\u00e9types f\u00e9minins qui y sont \u00e9voqu\u00e9s, ainsi que de th\u00e8mes comme l&rsquo;enfermement psychiatrique des femmes, le contr\u00f4le et la mise en sc\u00e8ne de leurs corps par les hommes, mais aussi les relations et interactions que l&rsquo;on peut imaginer au sein de cette communaut\u00e9 de femmes.<\/p>\n\n\n\n<div style=\"height:50px\" aria-hidden=\"true\" class=\"wp-block-spacer\"><\/div>\n\n\n\n<p class=\"has-text-align-center has-system-font-font-family wp-block-paragraph\" style=\"font-style:normal;font-weight:300\">Le bal \u00e9galement, \u00e0 la fois par la symbolique du carnaval et dans ce contexte de l&rsquo;h\u00f4pital, est central dans ce qu&rsquo;il repr\u00e9sente et ce qu&rsquo;il cristallise.<\/p>\n\n\n\n<div style=\"height:90px\" aria-hidden=\"true\" class=\"wp-block-spacer\"><\/div>\n\n\n\n<p class=\"wp-block-paragraph\"><\/p>\n\n\n\n<p class=\"wp-block-paragraph\">Direction artistique : Cathy H\u00e9rouard<\/p>\n\n\n\n<p class=\"wp-block-paragraph\">Interpr\u00e9tation et collaboration : Klara Beyeler, Cathy H\u00e9rouard et M\u00e9lissa Martinez<\/p>\n\n\n\n<p class=\"wp-block-paragraph\">Cr\u00e9ation musicale: Jonathan Joly<\/p>\n\n\n\n<p class=\"wp-block-paragraph\"><\/p>\n\n\n\n<div style=\"height:76px\" aria-hidden=\"true\" class=\"wp-block-spacer\"><\/div>\n\n\n\n<p class=\"wp-block-paragraph\">Soutiens&amp;partenaires : Association Ribambelle, P\u00f4le culturel de Vauclaire, th\u00e9\u00e2tre le Paradis galerie verbale, CAB de Bergerac.<\/p>\n\n\n\n<p class=\"wp-block-paragraph\">cr\u00e9dits photos : David Martinez et Plateau_1 <\/p>\n\n\n\n<div style=\"height:58px\" aria-hidden=\"true\" class=\"wp-block-spacer\"><\/div>\n\n\n\n<p class=\"wp-block-paragraph\"><strong>Prochains rdv : <\/strong><\/p>\n\n\n\n<p class=\"wp-block-paragraph\"><strong>le 6 novembre 2026 au P\u00f4le culturel de Vauclaire, Montpon M\u00e9nest\u00e9rol (24) <\/strong><\/p>\n\n\n\n<p class=\"wp-block-paragraph\"><strong>sortie de r\u00e9sidence<\/strong> \u00e0 15h pour les professionnels, personnels et r\u00e9sidents<\/p>\n\n\n\n<p class=\"wp-block-paragraph\"><strong>sortie de r\u00e9sidence <\/strong>\u00e0 <strong>20h <\/strong>tout public. <\/p>\n\n\n\n<p class=\"wp-block-paragraph\"><em>R\u00e9sidence de cr\u00e9ation du 2 au 6 novembre. <\/em><\/p>\n\n\n\n<p class=\"wp-block-paragraph\"><\/p>\n\n\n\n<div style=\"height:26px\" aria-hidden=\"true\" class=\"wp-block-spacer\"><\/div>\n\n\n\n<p class=\"wp-block-paragraph\"><strong>le 19 f\u00e9vrier 2027 au th\u00e9\u00e2tre le Paradis, galerie verbale \u00e0 P\u00e9rigueux (24)<\/strong><\/p>\n\n\n\n<p class=\"wp-block-paragraph\"><strong>sortie de r\u00e9sidence tout public. <\/strong><\/p>\n\n\n\n<p class=\"wp-block-paragraph\"><em>R\u00e9sidence de cr\u00e9ation du 15 au 19 f\u00e9vrier<\/em>.<\/p>\n\n\n\n<div style=\"height:37px\" aria-hidden=\"true\" class=\"wp-block-spacer\"><\/div>\n\n\n\n<p class=\"wp-block-paragraph\"><strong>le 2 avril 2027 \u00e0 l&rsquo;espace Fran\u00e7ois Mitterrand de Bergerac (24)<\/strong><\/p>\n\n\n\n<p class=\"wp-block-paragraph\"><strong>sortie de r\u00e9sidence pour professionnels <\/strong><\/p>\n\n\n\n<p class=\"wp-block-paragraph\"><em>R\u00e9sidence de cr\u00e9ation du 29 mars au 2 avril<\/em><\/p>\n\n\n\n<div style=\"height:83px\" aria-hidden=\"true\" class=\"wp-block-spacer\"><\/div>\n\n\n\n<figure class=\"wp-block-gallery has-nested-images columns-default is-cropped wp-block-gallery-1 is-layout-flex wp-block-gallery-is-layout-flex\">\n<figure class=\"wp-block-image size-large\"><img loading=\"lazy\" decoding=\"async\" width=\"1000\" height=\"1456\" data-id=\"1018\" src=\"https:\/\/www.cieleszevadees.com\/wp-content\/uploads\/2026\/09\/Trio.png\" alt=\"\" class=\"wp-image-1018\"\/><\/figure>\n\n\n\n<figure class=\"wp-block-image size-large\"><img loading=\"lazy\" decoding=\"async\" width=\"4000\" height=\"2672\" data-id=\"1020\" src=\"https:\/\/www.cieleszevadees.com\/wp-content\/uploads\/2026\/09\/P1090283.jpg\" alt=\"\" class=\"wp-image-1020\"\/><\/figure>\n\n\n\n<figure class=\"wp-block-image size-large\"><img loading=\"lazy\" decoding=\"async\" width=\"4000\" height=\"2672\" data-id=\"1021\" src=\"https:\/\/www.cieleszevadees.com\/wp-content\/uploads\/2026\/09\/P1090268.jpg\" alt=\"\" class=\"wp-image-1021\"\/><\/figure>\n\n\n\n<figure class=\"wp-block-image size-large\"><img loading=\"lazy\" decoding=\"async\" width=\"4000\" height=\"2672\" data-id=\"1023\" src=\"https:\/\/www.cieleszevadees.com\/wp-content\/uploads\/2026\/09\/P1090214.jpg\" alt=\"\" class=\"wp-image-1023\"\/><\/figure>\n\n\n\n<figure class=\"wp-block-image size-large\"><img loading=\"lazy\" decoding=\"async\" width=\"4000\" height=\"2672\" data-id=\"1019\" src=\"https:\/\/www.cieleszevadees.com\/wp-content\/uploads\/2026\/09\/P1080936.jpg\" alt=\"\" class=\"wp-image-1019\"\/><\/figure>\n\n\n\n<figure class=\"wp-block-image size-large\"><img loading=\"lazy\" decoding=\"async\" width=\"4000\" height=\"2672\" data-id=\"1022\" src=\"https:\/\/www.cieleszevadees.com\/wp-content\/uploads\/2026\/09\/Klar_Mel-contrebasse.jpg\" alt=\"\" class=\"wp-image-1022\"\/><\/figure>\n\n\n\n<figure class=\"wp-block-image size-large\"><img loading=\"lazy\" decoding=\"async\" width=\"4000\" height=\"5328\" data-id=\"1028\" src=\"https:\/\/www.cieleszevadees.com\/wp-content\/uploads\/2026\/09\/P1065898.jpg\" alt=\"\" class=\"wp-image-1028\"\/><\/figure>\n\n\n\n<figure class=\"wp-block-image size-large\"><img loading=\"lazy\" decoding=\"async\" width=\"4000\" height=\"5328\" data-id=\"1026\" src=\"https:\/\/www.cieleszevadees.com\/wp-content\/uploads\/2026\/09\/P1065961.jpg\" alt=\"\" class=\"wp-image-1026\"\/><\/figure>\n\n\n\n<figure class=\"wp-block-image size-large\"><img loading=\"lazy\" decoding=\"async\" width=\"4000\" height=\"5328\" data-id=\"1025\" src=\"https:\/\/www.cieleszevadees.com\/wp-content\/uploads\/2026\/09\/P1076558.jpg\" alt=\"\" class=\"wp-image-1025\"\/><\/figure>\n\n\n\n<figure class=\"wp-block-image size-large\"><img loading=\"lazy\" decoding=\"async\" width=\"4000\" height=\"5328\" data-id=\"1027\" src=\"https:\/\/www.cieleszevadees.com\/wp-content\/uploads\/2026\/09\/P1076614.jpg\" alt=\"\" class=\"wp-image-1027\"\/><\/figure>\n\n\n\n<figure class=\"wp-block-image size-large\"><img loading=\"lazy\" decoding=\"async\" width=\"3263\" height=\"4346\" data-id=\"1024\" src=\"https:\/\/www.cieleszevadees.com\/wp-content\/uploads\/2026\/09\/P1076635-2.jpg\" alt=\"\" class=\"wp-image-1024\"\/><\/figure>\n<\/figure>\n\n\n\n<p class=\"wp-block-paragraph\"><\/p>\n\n\n\n<p class=\"wp-block-paragraph\"><\/p>\n","protected":false},"excerpt":{"rendered":"<p>Pi\u00e8ce en cours de cr\u00e9ation&#8230; F\u00eal\u00e9es est un spectacle chor\u00e9graphique librement inspir\u00e9 du roman \u00ab Le bal des folles \u00bb de Victoria Mas paru en 2019. Au plateau : trois danseuses et un musicien, contrebassiste et musique \u00e9lectronique. Le roman \u00ab Le bal des folles \u00bb met en sc\u00e8ne deux protagonistes principales, Eug\u00e9nie et Genevi\u00e8ve, [&hellip;]<\/p>\n","protected":false},"author":1,"featured_media":1011,"parent":217,"menu_order":0,"comment_status":"closed","ping_status":"closed","template":"","meta":{"footnotes":""},"class_list":["post-1010","page","type-page","status-publish","has-post-thumbnail","hentry"],"_links":{"self":[{"href":"https:\/\/www.cieleszevadees.com\/index.php\/wp-json\/wp\/v2\/pages\/1010","targetHints":{"allow":["GET"]}}],"collection":[{"href":"https:\/\/www.cieleszevadees.com\/index.php\/wp-json\/wp\/v2\/pages"}],"about":[{"href":"https:\/\/www.cieleszevadees.com\/index.php\/wp-json\/wp\/v2\/types\/page"}],"author":[{"embeddable":true,"href":"https:\/\/www.cieleszevadees.com\/index.php\/wp-json\/wp\/v2\/users\/1"}],"replies":[{"embeddable":true,"href":"https:\/\/www.cieleszevadees.com\/index.php\/wp-json\/wp\/v2\/comments?post=1010"}],"version-history":[{"count":7,"href":"https:\/\/www.cieleszevadees.com\/index.php\/wp-json\/wp\/v2\/pages\/1010\/revisions"}],"predecessor-version":[{"id":1032,"href":"https:\/\/www.cieleszevadees.com\/index.php\/wp-json\/wp\/v2\/pages\/1010\/revisions\/1032"}],"up":[{"embeddable":true,"href":"https:\/\/www.cieleszevadees.com\/index.php\/wp-json\/wp\/v2\/pages\/217"}],"wp:featuredmedia":[{"embeddable":true,"href":"https:\/\/www.cieleszevadees.com\/index.php\/wp-json\/wp\/v2\/media\/1011"}],"wp:attachment":[{"href":"https:\/\/www.cieleszevadees.com\/index.php\/wp-json\/wp\/v2\/media?parent=1010"}],"curies":[{"name":"wp","href":"https:\/\/api.w.org\/{rel}","templated":true}]}}